{"id":1194,"date":"2026-08-24T21:27:07","date_gmt":"2026-08-25T01:27:07","guid":{"rendered":"https:\/\/ecole-famille-communaute.fse.ulaval.ca\/parents-needs-in-supporting-their-childs-schooling\/results\/"},"modified":"2026-08-24T21:27:13","modified_gmt":"2026-08-25T01:27:13","slug":"results","status":"publish","type":"page","link":"https:\/\/ecole-famille-communaute.fse.ulaval.ca\/en\/parents-needs-in-supporting-their-childs-schooling\/results\/","title":{"rendered":"Results"},"content":{"rendered":"\n<section class=\"wp-block-csrtcommun-gutenberg-block-bloc-strate  strate bg-undefined\" aria-label=\"\"><div class=\"strate-contenu\">\n<p class=\"wp-block-paragraph\"><strong>Research report<\/strong><\/p>\n\n\n\n<p class=\"wp-block-paragraph\">Ratelle, C.F., Boisclair-Ch\u00e2teauvert, G., Bureau, J.S., Duchesne, S., Litalien, D. et Plamondon, A. (2022). Identifying Parental Needs in Supporting Their Child\u2019s Schooling. Research report submitted to the Fonds de recherche du Qu\u00e9bec \u2013 Soci\u00e9t\u00e9 et Culture (FRQSC) as part of the Concerted Action Program on Educational Perseverance and Success. Universit\u00e9 Laval.<br \/><a href=\"https:\/\/ecole-famille-communaute.fse.ulaval.ca\/\/app\/uploads\/2026\/05\/03_rapport-de-recherche_2019_pz_264477_ratelle.pdf\">To access the research report (In French only)<\/a><\/p>\n<div class=\"clearFix\"><\/div><\/div><\/section>\n","protected":false},"excerpt":{"rendered":"","protected":false},"author":12,"featured_media":0,"parent":1166,"menu_order":0,"comment_status":"closed","ping_status":"closed","template":"page-secondaire-menu.php","meta":{"_acf_changed":false,"footnotes":""},"class_list":["post-1194","page","type-page","status-publish","hentry"],"acf":[],"_links":{"self":[{"href":"https:\/\/ecole-famille-communaute.fse.ulaval.ca\/en\/wp-json\/wp\/v2\/pages\/1194","targetHints":{"allow":["GET"]}}],"collection":[{"href":"https:\/\/ecole-famille-communaute.fse.ulaval.ca\/en\/wp-json\/wp\/v2\/pages"}],"about":[{"href":"https:\/\/ecole-famille-communaute.fse.ulaval.ca\/en\/wp-json\/wp\/v2\/types\/page"}],"author":[{"embeddable":true,"href":"https:\/\/ecole-famille-communaute.fse.ulaval.ca\/en\/wp-json\/wp\/v2\/users\/12"}],"replies":[{"embeddable":true,"href":"https:\/\/ecole-famille-communaute.fse.ulaval.ca\/en\/wp-json\/wp\/v2\/comments?post=1194"}],"version-history":[{"count":3,"href":"https:\/\/ecole-famille-communaute.fse.ulaval.ca\/en\/wp-json\/wp\/v2\/pages\/1194\/revisions"}],"predecessor-version":[{"id":1197,"href":"https:\/\/ecole-famille-communaute.fse.ulaval.ca\/en\/wp-json\/wp\/v2\/pages\/1194\/revisions\/1197"}],"up":[{"embeddable":true,"href":"https:\/\/ecole-famille-communaute.fse.ulaval.ca\/en\/wp-json\/wp\/v2\/pages\/1166"}],"wp:attachment":[{"href":"https:\/\/ecole-famille-communaute.fse.ulaval.ca\/en\/wp-json\/wp\/v2\/media?parent=1194"}],"curies":[{"name":"wp","href":"https:\/\/api.w.org\/{rel}","templated":true}]}}