{"id":931,"date":"2026-08-18T21:05:15","date_gmt":"2026-08-19T01:05:15","guid":{"rendered":"https:\/\/ecole-famille-communaute.fse.ulaval.ca\/study-on-parents-school-involvement\/about\/"},"modified":"2026-08-19T08:28:37","modified_gmt":"2026-08-19T12:28:37","slug":"about","status":"publish","type":"page","link":"https:\/\/ecole-famille-communaute.fse.ulaval.ca\/en\/study-on-parents-school-involvement\/about\/","title":{"rendered":"About"},"content":{"rendered":"\n<section class=\"wp-block-csrtcommun-gutenberg-block-bloc-strate  strate bg-undefined\" aria-label=\"\"><div class=\"strate-contenu\">\n<p class=\"wp-block-paragraph\"><\/p><p><strong>Funding:<\/strong><br \/>This project is funded by the Action concert\u00e9e sur la pers\u00e9v\u00e9rance et la r\u00e9ussite scolaire from the Fonds de recherche du Qu\u00e9bec &#8211; Soci\u00e9t\u00e9 et culture (FRQSC).<\/p>\n\n\n\n<figure class=\"wp-block-image size-full is-resized\"><img loading=\"lazy\" decoding=\"async\" width=\"730\" height=\"163\" src=\"https:\/\/ecole-famille-communaute.fse.ulaval.ca\/\/app\/uploads\/2026\/08\/logo_ul_frq.png\" alt=\"\" class=\"wp-image-838\" style=\"width:450px\" srcset=\"https:\/\/ecole-famille-communaute.fse.ulaval.ca\/\/app\/uploads\/2026\/08\/logo_ul_frq.png 730w, https:\/\/ecole-famille-communaute.fse.ulaval.ca\/\/app\/uploads\/2026\/08\/logo_ul_frq-300x67.png 300w\" sizes=\"auto, (max-width: 730px) 100vw, 730px\" \/><\/figure>\n\n\n\n<p class=\"wp-block-paragraph\"><\/p><p><strong>Partners:<\/strong><br \/>This study is conducted in collaboration with the F\u00e9d\u00e9ration des comit\u00e9s de parents du Qu\u00e9bec (FCPQ), the Regroupement des comit\u00e9s de parents autonomes du Qu\u00e9bec (RCPAQ), the Centre de transfert pour la r\u00e9ussite \u00e9ducative du Qu\u00e9bec (CTREQ), the F\u00e9d\u00e9ration des centres de services scolaires du Qu\u00e9bec (FCSSQ) and the English Parents&#8217; Committee Association of Quebec (EPCA).<\/p>\n\n\n\n<figure class=\"wp-block-image size-large is-resized\"><img loading=\"lazy\" decoding=\"async\" width=\"1024\" height=\"298\" src=\"https:\/\/ecole-famille-communaute.fse.ulaval.ca\/\/app\/uploads\/2026\/08\/logo_partenaires-1024x298.png\" alt=\"\" class=\"wp-image-840\" style=\"width:900px\" srcset=\"https:\/\/ecole-famille-communaute.fse.ulaval.ca\/\/app\/uploads\/2026\/08\/logo_partenaires-1024x298.png 1024w, https:\/\/ecole-famille-communaute.fse.ulaval.ca\/\/app\/uploads\/2026\/08\/logo_partenaires-300x87.png 300w, https:\/\/ecole-famille-communaute.fse.ulaval.ca\/\/app\/uploads\/2026\/08\/logo_partenaires-768x224.png 768w, https:\/\/ecole-famille-communaute.fse.ulaval.ca\/\/app\/uploads\/2026\/08\/logo_partenaires.png 1147w\" sizes=\"auto, (max-width: 1024px) 100vw, 1024px\" \/><\/figure>\n<div class=\"clearFix\"><\/div><\/div><\/section>\n\n<p class=\"wp-block-paragraph\"><\/p>\n","protected":false},"excerpt":{"rendered":"","protected":false},"author":12,"featured_media":0,"parent":927,"menu_order":0,"comment_status":"closed","ping_status":"closed","template":"page-secondaire-menu.php","meta":{"_acf_changed":false,"footnotes":""},"class_list":["post-931","page","type-page","status-publish","hentry"],"acf":[],"_links":{"self":[{"href":"https:\/\/ecole-famille-communaute.fse.ulaval.ca\/en\/wp-json\/wp\/v2\/pages\/931","targetHints":{"allow":["GET"]}}],"collection":[{"href":"https:\/\/ecole-famille-communaute.fse.ulaval.ca\/en\/wp-json\/wp\/v2\/pages"}],"about":[{"href":"https:\/\/ecole-famille-communaute.fse.ulaval.ca\/en\/wp-json\/wp\/v2\/types\/page"}],"author":[{"embeddable":true,"href":"https:\/\/ecole-famille-communaute.fse.ulaval.ca\/en\/wp-json\/wp\/v2\/users\/12"}],"replies":[{"embeddable":true,"href":"https:\/\/ecole-famille-communaute.fse.ulaval.ca\/en\/wp-json\/wp\/v2\/comments?post=931"}],"version-history":[{"count":8,"href":"https:\/\/ecole-famille-communaute.fse.ulaval.ca\/en\/wp-json\/wp\/v2\/pages\/931\/revisions"}],"predecessor-version":[{"id":1005,"href":"https:\/\/ecole-famille-communaute.fse.ulaval.ca\/en\/wp-json\/wp\/v2\/pages\/931\/revisions\/1005"}],"up":[{"embeddable":true,"href":"https:\/\/ecole-famille-communaute.fse.ulaval.ca\/en\/wp-json\/wp\/v2\/pages\/927"}],"wp:attachment":[{"href":"https:\/\/ecole-famille-communaute.fse.ulaval.ca\/en\/wp-json\/wp\/v2\/media?parent=931"}],"curies":[{"name":"wp","href":"https:\/\/api.w.org\/{rel}","templated":true}]}}